{"id":83,"date":"2011-01-12T15:19:17","date_gmt":"2011-01-12T15:19:17","guid":{"rendered":"http:\/\/www.francois-couturier.fr\/?page_id=83"},"modified":"2017-06-30T12:06:52","modified_gmt":"2017-06-30T12:06:52","slug":"bibliographie","status":"publish","type":"page","link":"http:\/\/www.francois-couturier.fr\/?page_id=83","title":{"rendered":"Biographie"},"content":{"rendered":"<p><a href=\"http:\/\/www.francois-couturier.fr\/wp-content\/uploads\/2017\/06\/cropped-Franc\u0327ois-Small-1.jpg\"><img loading=\"lazy\" decoding=\"async\" class=\"alignleft wp-image-2795 size-medium\" src=\"http:\/\/www.francois-couturier.fr\/wp-content\/uploads\/2017\/06\/cropped-Franc\u0327ois-Small-1-297x300.jpg\" alt=\"\" width=\"297\" height=\"300\" srcset=\"http:\/\/www.francois-couturier.fr\/wp-content\/uploads\/2017\/06\/cropped-Franc\u0327ois-Small-1-297x300.jpg 297w, http:\/\/www.francois-couturier.fr\/wp-content\/uploads\/2017\/06\/cropped-Franc\u0327ois-Small-1-768x775.jpg 768w, http:\/\/www.francois-couturier.fr\/wp-content\/uploads\/2017\/06\/cropped-Franc\u0327ois-Small-1-1015x1024.jpg 1015w, http:\/\/www.francois-couturier.fr\/wp-content\/uploads\/2017\/06\/cropped-Franc\u0327ois-Small-1-100x100.jpg 100w, http:\/\/www.francois-couturier.fr\/wp-content\/uploads\/2017\/06\/cropped-Franc\u0327ois-Small-1.jpg 2000w\" sizes=\"(max-width: 297px) 100vw, 297px\" \/><\/a><\/p>\n<p>&nbsp;<\/p>\n<p>&nbsp;<\/p>\n<p>&nbsp;<\/p>\n<p>&nbsp;<\/p>\n<p>&nbsp;<\/p>\n<p>&nbsp;<\/p>\n<p>&nbsp;<\/p>\n<p>Apr\u00e8s des \u00e9tudes universitaires (CAPES de musicologie) et de piano classique, il d\u00e9bute une longue collaboration avec le contrebassiste Jean-Paul Celea qu&rsquo;il rencontre en 1978 dans le quintet du batteur et compositeur Jacques Thollot.<\/p>\n<p>D&rsquo;abord en duo, puis sur de nombreux projets avec Daniel Humair, Fran\u00e7ois Jeanneau, Dominique Pifar\u00e9ly<\/p>\n<p><span style=\"font-size: 14px;\"><span style=\"font-family: arial,helvetica,sans-serif;\"><strong>1981 &#8211; 1983<br \/>\n<\/strong><\/span><\/span>Tourn\u00e9es mondiales avec le groupe de John Mc Laughlin, \u00ab\u00a0The Translators\u00a0\u00bb.<br \/>\nCr\u00e9ation du groupe\u00a0\u00ab\u00a0Passaggio\u00a0\u00bb avec Jean-Paul Celea en 1986 (Armand Angster, Fran\u00e7oise K\u00fcbler, Wolfgang Reisinger).<br \/>\nCollabore avec Fran\u00e7ois Jeanneau, Didier Levallet, Michel Portal, Larry Schneider\u2026<\/p>\n<p><span style=\"font-family: arial,helvetica,sans-serif;\"><span style=\"font-size: 14px;\"><strong>1998<\/strong><\/span><\/span><\/p>\n<div style=\"page-break-after: always;\"><span style=\"display: none;\">\u00a0<\/span><\/div>\n<ul>\n<li>Fran\u00e7ois Couturier joue en duo avec le violoniste Dominique Pifar\u00e9ly, avec qui il enregistre \u00ab\u00a0Poros\u00a0\u00bb (ECM) et travaille sur divers cr\u00e9ation autour de ce\u00a0 duo (Michel Godard, Louis Sclavis, Fran\u00e7ois Corneloup, Dominique Visse ).<\/li>\n<li>Avec Jean-Marc Larch\u00e9, il compose un op\u00e9ra\u00a0 \u201cMozart and Amadeus\u201d sur un livret d&rsquo;Anthony Burgess et cr\u00e9e le trio \u00ab\u00a0Music for a While\u00a0\u00bb.<\/li>\n<\/ul>\n<ul>\n<li><span style=\"font-size: 14px;\"><strong>\u00a0<\/strong><strong>2001<\/strong> <\/span>Membre du trio d&rsquo;Anouar Brahem \u00ab\u00a0Le pas du chat noir\u00a0\u00bb puis \u00ab\u00a0Le Voyage de Sahar\u00a0\u00bb\u00a0 (2 Cd ECM et tourn\u00e9es mondiales).<\/li>\n<\/ul>\n<p><span style=\"font-family: arial,helvetica,sans-serif;\"><span style=\"font-size: 14px;\"><strong>\u00a02005<\/strong><\/span><\/span><\/p>\n<ul>\n<li>il enregistre \u00ab\u00a0Nostalghia, Song for Tarkovski\u00a0\u00bb pour ECM avec Anja Lechner, Jean Louis Matinier et Jean Marc Larch\u00e9.<\/li>\n<li>Depuis, ce quartet se produit sur les plus grandes sc\u00e8nes Europ\u00e9ennes\u00a0 (Paris, Dublin, Prague, Ath\u00e8nes, Florence, Munich, Lucerne, Bergamo, Florence &#8230;)<\/li>\n<li>Compose la musique du film <a href=\"http:\/\/www.allocine.fr\/film\/fichefilm_gen_cfilm=59661.html\">\u00ab\u00a0Maman est folle\u00a0\u00bb<\/a> de jean Pierre Ameris<\/li>\n<\/ul>\n<p><span style=\"font-family: arial,helvetica,sans-serif;\"><span style=\"font-size: 14px;\"><strong>\u00a02008<\/strong><\/span><\/span><\/p>\n<ul>\n<li>Enregistrement solo en Septembre \u00e0 Lugano\u00a0de l&rsquo;album \u00ab\u00a0Un jour si blanc\u00a0\u00bb, sorti chez ECM en f\u00e9vrier 2010<\/li>\n<\/ul>\n<p><span style=\"font-size: 14px;\"><strong>2009<\/strong><\/span><\/p>\n<p>Hommage \u00e0 Federico Mompou en trio avec F. Mechali et F. Laizeau chez Zigzag Records.<\/p>\n<p><strong><span style=\"font-size: 14px;\">\u00a02011<\/span> <\/strong><\/p>\n<p><strong>\u00a0\u00a0\u00a0\u00a0\u00a0\u00a0\u00a0\u00a0 <\/strong>Nouvel album \u00ab\u00a0Tarkovsky Quartet\u00a0\u00bb et cr\u00e9ation \u00ab\u00a0Le temps scell\u00e9\u00a0\u00bb avec le fils du cin\u00e9aste Andrej Tarkovsky<\/p>\n<p>Compose la musique du film <a href=\"http:\/\/www.youtube.com\/watch?v=X0Wb7qmFjp8&amp;feature=player_embedded\">\u00a0\u00bb Io sono Li \u00ab\u00a0<\/a> du r\u00e9alisateur Italien Andrea Segre ( Pr\u00e9sent\u00e9 en Ao\u00fbt 2011 \u00e0 la <a href=\"http:\/\/cineuropa.org\/2011\/nw.aspx?t=newsdetail&amp;lang=fr&amp;documentID=209100\">Mostra de Venise<\/a> )<\/p>\n<p><span style=\"font-size: 14px;\"><br \/>\n<strong>2012-2014<\/strong> <\/span>:<\/p>\n<p>Enregistrements pour Ecm et tourn\u00e9es Europ\u00e9ennes de deux nouveaux projets :<br \/>\n&#8211;\u00a0 \u00a0\u00bb Il Pergol\u00e8se\u00a0\u00bb\u00a0 Un hommage \u00e0 Pergol\u00e8se (en quartet avec la chanteuse Maria Pia de Vito, Anja Lechner et Michele Rabia\u00a0 )<br \/>\n&#8211;\u00a0\u00a0 \u00ab\u00a0Moderato Cantabile\u00a0\u00bb duo avec la violoncelliste Anja Lechner<\/p>\n<p>Compose la musique du film \u00ab\u00a0City of dreams\u00a0\u00bb du r\u00e9alisateur Steve Faigenbaum<\/p>\n<p>Participe au nouveau projet d&rsquo;Anouar Brahem \u00ab\u00a0Souvenance\u00a0\u00bb\u00a0\u00a0 Cd Ecm et tourn\u00e9e mondiale<\/p>\n<p>&nbsp;<\/p>\n<p>Prix Django Reinhardt de l&rsquo;Acad\u00e9mie du Jazz en 1980.<br \/>\nNomm\u00e9 en 2008 Chevalier de l\u2019ordre des arts et des Lettres<br \/>\nNomin\u00e9 \u00e0 L&rsquo;European Film Award 2012 pour la\u00a0 musique du film <a href=\"http:\/\/www.youtube.com\/watch?v=X0Wb7qmFjp8&amp;feature=player_embedded\">\u00a0\u00bb Io sono Li \u00ab\u00a0<\/a><\/p>\n<p>&nbsp;<\/p>\n<p>&nbsp;<\/p>\n<p>&nbsp;<\/p>\n<p>&nbsp;<\/p>\n<p>&nbsp;<\/p>\n<p>&nbsp;<\/p>\n<p>&nbsp;<\/p>\n","protected":false},"excerpt":{"rendered":"<p>&nbsp; &nbsp; &nbsp; &nbsp; &nbsp; &nbsp; &nbsp; Apr\u00e8s des \u00e9tudes universitaires (CAPES de musicologie) et de piano classique, il d\u00e9bute une longue collaboration avec le contrebassiste Jean-Paul Celea qu&rsquo;il rencontre en 1978 dans le quintet du batteur et compositeur Jacques Thollot. D&rsquo;abord en duo, puis sur de nombreux projets avec Daniel Humair, Fran\u00e7ois Jeanneau, Dominique &hellip; <\/p>\n<p class=\"link-more\"><a href=\"http:\/\/www.francois-couturier.fr\/?page_id=83\" class=\"more-link\">Continuer la lecture<span class=\"screen-reader-text\"> de &laquo;&nbsp;Biographie&nbsp;&raquo;<\/span><\/a><\/p>\n","protected":false},"author":1,"featured_media":0,"parent":0,"menu_order":2,"comment_status":"closed","ping_status":"closed","template":"","meta":{"footnotes":""},"jetpack_sharing_enabled":true,"_links":{"self":[{"href":"http:\/\/www.francois-couturier.fr\/index.php?rest_route=\/wp\/v2\/pages\/83"}],"collection":[{"href":"http:\/\/www.francois-couturier.fr\/index.php?rest_route=\/wp\/v2\/pages"}],"about":[{"href":"http:\/\/www.francois-couturier.fr\/index.php?rest_route=\/wp\/v2\/types\/page"}],"author":[{"embeddable":true,"href":"http:\/\/www.francois-couturier.fr\/index.php?rest_route=\/wp\/v2\/users\/1"}],"replies":[{"embeddable":true,"href":"http:\/\/www.francois-couturier.fr\/index.php?rest_route=%2Fwp%2Fv2%2Fcomments&post=83"}],"version-history":[{"count":4,"href":"http:\/\/www.francois-couturier.fr\/index.php?rest_route=\/wp\/v2\/pages\/83\/revisions"}],"predecessor-version":[{"id":2812,"href":"http:\/\/www.francois-couturier.fr\/index.php?rest_route=\/wp\/v2\/pages\/83\/revisions\/2812"}],"wp:attachment":[{"href":"http:\/\/www.francois-couturier.fr\/index.php?rest_route=%2Fwp%2Fv2%2Fmedia&parent=83"}],"curies":[{"name":"wp","href":"https:\/\/api.w.org\/{rel}","templated":true}]}}